{"id":1059,"date":"2019-07-25T13:22:42","date_gmt":"2019-07-25T13:22:42","guid":{"rendered":"http:\/\/sivo.rs\/?page_id=1059"},"modified":"2023-03-30T11:06:22","modified_gmt":"2023-03-30T09:06:22","slug":"work","status":"publish","type":"page","link":"https:\/\/sivo.rs\/en\/work\/","title":{"rendered":"Work"},"content":{"rendered":"\n\t<section class=\"section\" id=\"section_77543319\">\n\t\t<div class=\"bg section-bg fill bg-fill bg-loaded bg-loaded\" >\n\n\t\t\t\n\t\t\t\n\t\t\t\n\n\t\t<\/div>\n\n\t\t\n\n\t\t<div class=\"section-content relative\">\n\t\t\t\n\n<div class=\"row row-large\"  id=\"row-598201559\">\n\n\n\t<div id=\"col-585134333\" class=\"col medium-6 large-6\"  >\n\t\t\t\t<div class=\"col-inner\"  >\n\t\t\t\n\t\t\t\n\n<p><img loading=\"lazy\" decoding=\"async\" class=\"projectimg alignnone wp-image-338\" src=\"https:\/\/sivo.rs\/wp-content\/uploads\/2019\/10\/STRANA-TRZISTA-1024x691.jpg\" alt=\"Projekat Kampanje za strana trzista\" width=\"1600\" height=\"1080\" srcset=\"https:\/\/sivo.rs\/wp-content\/uploads\/2019\/10\/STRANA-TRZISTA-1024x691.jpg 1024w, https:\/\/sivo.rs\/wp-content\/uploads\/2019\/10\/STRANA-TRZISTA-300x203.jpg 300w, https:\/\/sivo.rs\/wp-content\/uploads\/2019\/10\/STRANA-TRZISTA-768x518.jpg 768w, https:\/\/sivo.rs\/wp-content\/uploads\/2019\/10\/STRANA-TRZISTA.jpg 1200w\" sizes=\"auto, (max-width: 1600px) 100vw, 1600px\" \/><\/p>\n<p class=\"uppercase\"><span style=\"color: #000000;\">KAMPANJE ZA STRANA TR\u017dI\u0160TA<\/span><\/p>\n<h2 class=\"project-title\">KAMPANJE ZA STRANA TR\u017dI\u0160TA<\/h2>\n<p>Mnoge od na\u0161ih kampanja realizovali smo i za tr\u017ei\u0161ta drugih zemalja.<\/p>\n<a href=\"https:\/\/sivo.rs\/strana-trzista-2\/\" target=\"_self\" class=\"button primary is-small\"  style=\"border-radius:7px;\">\n    <span>Vi\u0161e o kampanji<\/span>\n  <\/a>\n\n\n\n\t\t<\/div>\n\t\t\t\t\t<\/div>\n\n\t\n\n\t<div id=\"col-1238022992\" class=\"col medium-6 large-6\"  >\n\t\t\t\t<div class=\"col-inner\"  >\n\t\t\t\n\t\t\t\n\n<p><img loading=\"lazy\" decoding=\"async\" class=\"projectimg  alignnone wp-image-3966 size-full\" src=\"https:\/\/sivo.rs\/wp-content\/uploads\/2022\/10\/Lidl-Sivo-1-4.jpg\" alt=\"\" width=\"500\" height=\"314\" srcset=\"https:\/\/sivo.rs\/wp-content\/uploads\/2022\/10\/Lidl-Sivo-1-4.jpg 500w, https:\/\/sivo.rs\/wp-content\/uploads\/2022\/10\/Lidl-Sivo-1-4-300x188.jpg 300w\" sizes=\"auto, (max-width: 500px) 100vw, 500px\" \/><\/p>\n<p class=\"uppercase\"><span style=\"color: #000000;\">ho\u0107e\u0161 da menjamo mesta?<\/span><\/p>\n<h2 class=\"project-title\"><span style=\"font-size: 23.04px;\">LIDL<\/span><\/h2>\n<p>Cilj ove kampanje bio je preneti poruku da su ova mesta s razlogom rezervisana i da je bahato parkiranje samo jo\u0161 jedna od pote\u0161ko\u0107a za osobe sa invaliditetom.<\/p>\n<a href=\"https:\/\/sivo.rs\/hoces-da-menjamo-mesta\/\" target=\"_self\" class=\"button primary is-small\"  style=\"border-radius:7px;\">\n    <span>Vi\u0161e o kampanji<\/span>\n  <\/a>\n\n\n\n\t\t<\/div>\n\t\t\t\t\t<\/div>\n\n\t\n\n\t<div id=\"col-1315002\" class=\"col medium-6 large-6\"  >\n\t\t\t\t<div class=\"col-inner\"  >\n\t\t\t\n\t\t\t\n\n<p><img loading=\"lazy\" decoding=\"async\" class=\"projectimg  alignnone wp-image-3910 size-large\" src=\"https:\/\/sivo.rs\/wp-content\/uploads\/2022\/07\/KV1-1024x512.jpg\" alt=\"\" width=\"1020\" height=\"510\" srcset=\"https:\/\/sivo.rs\/wp-content\/uploads\/2022\/07\/KV1-1024x512.jpg 1024w, https:\/\/sivo.rs\/wp-content\/uploads\/2022\/07\/KV1-300x150.jpg 300w, https:\/\/sivo.rs\/wp-content\/uploads\/2022\/07\/KV1-768x384.jpg 768w, https:\/\/sivo.rs\/wp-content\/uploads\/2022\/07\/KV1-500x250.jpg 500w, https:\/\/sivo.rs\/wp-content\/uploads\/2022\/07\/KV1-800x400.jpg 800w, https:\/\/sivo.rs\/wp-content\/uploads\/2022\/07\/KV1.jpg 1080w\" sizes=\"auto, (max-width: 1020px) 100vw, 1020px\" \/><\/p>\n<p class=\"uppercase\"><span style=\"color: #000000;\">Beo ro\u0110endanski karneval<\/span><\/p>\n<h2 class=\"project-title\"><span style=\"font-size: 23.04px;\">CONFLUENCE<\/span><\/h2>\n<p>Imali smo zadatak da osmislimo i realizujemo kampanju povodom proslave drugog ro\u0111endana BEO TC-a, ali tako da bruji cela \u010dar\u0161ija!<\/p>\n<a href=\"https:\/\/sivo.rs\/beo-rodjendanski-karneval-2022\/\" target=\"_self\" class=\"button primary is-small\"  style=\"border-radius:7px;\">\n    <span>Vi\u0161e o kampanji<\/span>\n  <\/a>\n\n\n\n\t\t<\/div>\n\t\t\t\t\t<\/div>\n\n\t\n\n\t<div id=\"col-237534249\" class=\"col medium-6 large-6\"  >\n\t\t\t\t<div class=\"col-inner\"  >\n\t\t\t\n\t\t\t\n\n<p><img loading=\"lazy\" decoding=\"async\" class=\"projectimg alignnone wp-image-3892 \" src=\"https:\/\/sivo.rs\/wp-content\/uploads\/2022\/04\/KV_SRB_BIH-1080x540-1.jpg\" alt=\"\" width=\"488\" height=\"244\" srcset=\"https:\/\/sivo.rs\/wp-content\/uploads\/2022\/04\/KV_SRB_BIH-1080x540-1.jpg 1080w, https:\/\/sivo.rs\/wp-content\/uploads\/2022\/04\/KV_SRB_BIH-1080x540-1-300x150.jpg 300w, https:\/\/sivo.rs\/wp-content\/uploads\/2022\/04\/KV_SRB_BIH-1080x540-1-1024x512.jpg 1024w, https:\/\/sivo.rs\/wp-content\/uploads\/2022\/04\/KV_SRB_BIH-1080x540-1-768x384.jpg 768w, https:\/\/sivo.rs\/wp-content\/uploads\/2022\/04\/KV_SRB_BIH-1080x540-1-500x250.jpg 500w, https:\/\/sivo.rs\/wp-content\/uploads\/2022\/04\/KV_SRB_BIH-1080x540-1-800x400.jpg 800w\" sizes=\"auto, (max-width: 488px) 100vw, 488px\" \/><\/p>\n<p class=\"uppercase\"><span style=\"color: #000000;\">za kraljice i kraljeve jutra<\/span><\/p>\n<h2 class=\"project-title\"><span style=\"font-size: 23.04px;\">GRAND KAFA<\/span><\/h2>\n<p>Ko rano rani, Black \u2018n\u2019 Easy pije! A na\u0161 zadatak je bio da na kreativan na\u010din obradimo temu jutro i prika\u017eemo Black \u2018n\u2019 Easy kafu kao pokreta\u010d u jutarnjim okolnostima.<\/p>\n<a href=\"https:\/\/sivo.rs\/blackneasy-za-kraljice-i-kraljeve-jutra\/\" target=\"_self\" class=\"button primary is-small\"  style=\"border-radius:7px;\">\n    <span>Vi\u0161e o kampanji<\/span>\n  <\/a>\n\n\n\n\t\t<\/div>\n\t\t\t\t\t<\/div>\n\n\t\n\n\t<div id=\"col-1482829289\" class=\"col medium-6 large-6\"  >\n\t\t\t\t<div class=\"col-inner\"  >\n\t\t\t\n\t\t\t\n\n<p><img loading=\"lazy\" decoding=\"async\" class=\"projectimg alignnone wp-image-3764 size-full\" src=\"https:\/\/sivo.rs\/wp-content\/uploads\/2021\/12\/a7.jpg\" alt=\"\" width=\"1080\" height=\"540\" srcset=\"https:\/\/sivo.rs\/wp-content\/uploads\/2021\/12\/a7.jpg 1080w, https:\/\/sivo.rs\/wp-content\/uploads\/2021\/12\/a7-300x150.jpg 300w, https:\/\/sivo.rs\/wp-content\/uploads\/2021\/12\/a7-1024x512.jpg 1024w, https:\/\/sivo.rs\/wp-content\/uploads\/2021\/12\/a7-768x384.jpg 768w, https:\/\/sivo.rs\/wp-content\/uploads\/2021\/12\/a7-500x250.jpg 500w, https:\/\/sivo.rs\/wp-content\/uploads\/2021\/12\/a7-800x400.jpg 800w\" sizes=\"auto, (max-width: 1080px) 100vw, 1080px\" \/><\/p>\n<p class=\"uppercase\"><span style=\"color: #000000;\">EVO NAS KOD VAS!<\/span><\/p>\n<h2 class=\"project-title\"><span style=\"font-size: 23.04px;\">IKEA<\/span><\/h2>\n<p>Imali smo zadatak da uslugu IKEA mobil Click &amp; Collect\u00a0 koja je do skoro bila dostupna u Beogradu, Novom Sadu i Ni\u0161u, predstavimo korisnicima u \u010ca\u010dku, Leskovcu i okolini.<\/p>\n<a href=\"https:\/\/sivo.rs\/ikea-eto-nas-kod-vas\/\" target=\"_self\" class=\"button primary is-small\"  style=\"border-radius:7px;\">\n    <span>Vi\u0161e o kampanji<\/span>\n  <\/a>\n\n\n\n\t\t<\/div>\n\t\t\t\t\t<\/div>\n\n\t\n\n\t<div id=\"col-1655778262\" class=\"col medium-6 large-6\"  >\n\t\t\t\t<div class=\"col-inner\"  >\n\t\t\t\n\t\t\t\n\n<div style=\"width: 1020px;\" class=\"wp-video\"><video class=\"wp-video-shortcode\" id=\"video-1059-1\" width=\"1020\" height=\"574\" poster=\"https:\/\/sivo.rs\/wp-content\/uploads\/2021\/10\/6P8A8403-scaled.jpg\" preload=\"metadata\" controls=\"controls\"><source type=\"video\/mp4\" src=\"https:\/\/sivo.rs\/wp-content\/uploads\/2021\/10\/Ikea-video-report_1.mp4?_=1\" \/><a href=\"https:\/\/sivo.rs\/wp-content\/uploads\/2021\/10\/Ikea-video-report_1.mp4\">https:\/\/sivo.rs\/wp-content\/uploads\/2021\/10\/Ikea-video-report_1.mp4<\/a><\/video><\/div>\n<p class=\"uppercase\"><span style=\"color: #000000;\">IKEA FESTIVAL 2021.<\/span><\/p>\n<h2 class=\"project-title\">IKEA<\/h2>\n<p>IKEA Festival pod nazivom <em>Otvori vrata boljem \u017eivotu,<\/em> organizovali smo u \u010dak 5 zemalja istovremeno: \u00a0Srbiji, Hrvatskoj, Rumuniji, Ukrajini i Sloveniji.<\/p>\n<a href=\"https:\/\/sivo.rs\/ikea-festival-2021\/\" target=\"_self\" class=\"button primary is-small\"  style=\"border-radius:7px;\">\n    <span>Vi\u0161e o kampanji<\/span>\n  <\/a>\n\n\n\n\t\t<\/div>\n\t\t\t\t\t<\/div>\n\n\t\n\n\t<div id=\"col-1486497299\" class=\"col medium-6 large-6\"  >\n\t\t\t\t<div class=\"col-inner\"  >\n\t\t\t\n\t\t\t\n\n<div style=\"width: 1020px;\" class=\"wp-video\"><video class=\"wp-video-shortcode\" id=\"video-1059-2\" width=\"1020\" height=\"574\" poster=\"https:\/\/sivo.rs\/wp-content\/uploads\/2021\/07\/slika-plakata.jpg\" preload=\"metadata\" controls=\"controls\"><source type=\"video\/mp4\" src=\"https:\/\/sivo.rs\/wp-content\/uploads\/2021\/07\/miranda-kreativci.mp4?_=2\" \/><a href=\"https:\/\/sivo.rs\/wp-content\/uploads\/2021\/07\/miranda-kreativci.mp4\">https:\/\/sivo.rs\/wp-content\/uploads\/2021\/07\/miranda-kreativci.mp4<\/a><\/video><\/div>\n<p class=\"uppercase\"><span style=\"color: #000000;\">Mirinda kreativci<\/span><\/p>\n<h2 class=\"project-title\">A&amp;P D.O.O.<\/h2>\n<p style=\"background: white; margin: 0cm 0cm 15.6pt 0cm;\">Oni su mladi, posebni, talentovani, hrabri. Oni promovi\u0161u svoju ve\u0161tinu putem dru\u0161tvenih mre\u017ea i pru\u017eaju inspiraciju hiljadama drugih. Oni su \u2013 Mirinda kreativci!<\/p>\n<a href=\"https:\/\/sivo.rs\/mirinda-kreativci\/\" target=\"_self\" class=\"button primary is-small\"  style=\"border-radius:7px;\">\n    <span>Vi\u0161e o kampanji<\/span>\n  <\/a>\n\n\n\n\t\t<\/div>\n\t\t\t\t\t<\/div>\n\n\t\n\n\t<div id=\"col-552975669\" class=\"col medium-6 large-6\"  >\n\t\t\t\t<div class=\"col-inner\"  >\n\t\t\t\n\t\t\t\n\n<div style=\"width: 1020px;\" class=\"wp-video\"><video class=\"wp-video-shortcode\" id=\"video-1059-3\" width=\"1020\" height=\"574\" poster=\"https:\/\/sivo.rs\/wp-content\/uploads\/2021\/03\/BEO-SANTA-KV-FINAL-1.jpg\" preload=\"metadata\" controls=\"controls\"><source type=\"video\/mp4\" src=\"https:\/\/sivo.rs\/wp-content\/uploads\/2021\/03\/Beoforija-HD2_1.mp4?_=3\" \/><a href=\"https:\/\/sivo.rs\/wp-content\/uploads\/2021\/03\/Beoforija-HD2_1.mp4\">https:\/\/sivo.rs\/wp-content\/uploads\/2021\/03\/Beoforija-HD2_1.mp4<\/a><\/video><\/div>\n<p class=\"uppercase\"><span style=\"color: #000000;\">novogodi\u0161nja beoforija<\/span><\/p>\n<h2 class=\"project-title\">CONFLUENCE<\/h2>\n<p>Novogodi\u0161njom kampanjom za BEO shopping centar, uspeli smo da prazni\u010dnu euforiju pretvorimo u BEOforiju, kupovinu bez stresa.<\/p>\n<a href=\"https:\/\/sivo.rs\/beo-test-2021\/\" target=\"_self\" class=\"button primary is-small\"  style=\"border-radius:7px;\">\n    <span>Vi\u0161e o kampanji<\/span>\n  <\/a>\n\n\n\n\t\t<\/div>\n\t\t\t\t\t<\/div>\n\n\t\n\n\t<div id=\"col-1612582422\" class=\"col medium-6 large-6\"  >\n\t\t\t\t<div class=\"col-inner\"  >\n\t\t\t\n\t\t\t\n\n<div style=\"width: 1020px;\" class=\"wp-video\"><video class=\"wp-video-shortcode\" id=\"video-1059-4\" width=\"1020\" height=\"574\" poster=\"https:\/\/sivo.rs\/wp-content\/uploads\/2021\/03\/Capture.png\" preload=\"metadata\" controls=\"controls\"><source type=\"video\/mp4\" src=\"https:\/\/sivo.rs\/wp-content\/uploads\/2021\/03\/Mercator-1-1.mp4?_=4\" \/><a href=\"https:\/\/sivo.rs\/wp-content\/uploads\/2021\/03\/Mercator-1-1.mp4\">https:\/\/sivo.rs\/wp-content\/uploads\/2021\/03\/Mercator-1-1.mp4<\/a><\/video><\/div>\n<p class=\"uppercase\"><span style=\"color: #000000;\">KAD PO\u017dELIM DA JE SVE PO MOM<\/span><\/p>\n<h2 class=\"project-title\">CONFLUENCE<\/h2>\n<p>Mercator centar je \u017eelo da proslavi\u00a0 18. ro\u0111endan, a mi smo im priredili \u017eurku za celu godinu.\u00a0 Lansirali smo kampanju pod sloganom <strong><em>Kad po\u017eelim da je sve po mom<\/em><\/strong>\u00a0 i promenili kompletan vizuelni identitet brenda.<\/p>\n<a href=\"https:\/\/sivo.rs\/sivomercator\/\" target=\"_self\" class=\"button primary is-small\"  style=\"border-radius:7px;\">\n    <span>Vi\u0161e o kampanji<\/span>\n  <\/a>\n\n\n\n\t\t<\/div>\n\t\t\t\t\t<\/div>\n\n\t\n\n\t<div id=\"col-1855321466\" class=\"col medium-6 large-6\"  >\n\t\t\t\t<div class=\"col-inner\"  >\n\t\t\t\n\t\t\t\n\n<p class=\"uppercase\"><span style=\"color: #000000;\"><img loading=\"lazy\" decoding=\"async\" class=\"projectimg alignnone wp-image-1690 size-full\" src=\"https:\/\/sivo.rs\/wp-content\/uploads\/2020\/10\/Webp.net-resizeimage.jpg\" alt=\"\" width=\"400\" height=\"300\" srcset=\"https:\/\/sivo.rs\/wp-content\/uploads\/2020\/10\/Webp.net-resizeimage.jpg 400w, https:\/\/sivo.rs\/wp-content\/uploads\/2020\/10\/Webp.net-resizeimage-300x225.jpg 300w\" sizes=\"auto, (max-width: 400px) 100vw, 400px\" \/><\/span><\/p>\n<p class=\"uppercase\"><span style=\"color: #000000;\">OKRENI NOVI LIST<\/span><\/p>\n<h2 class=\"project-title\">IKEA<\/h2>\n<p>IKEA katalog se preselio online, a mi smo prona\u0161li na\u010din da ljubiteljima kataloga to saop\u0161timo na zanimljiv i duhovit na\u010din.<\/p>\n<a href=\"https:\/\/sivo.rs\/okreni-novi-list\/\" target=\"_self\" class=\"button primary is-small\"  style=\"border-radius:7px;\">\n    <span>Vi\u0161e o kampanji<\/span>\n  <\/a>\n\n\n\n\t\t<\/div>\n\t\t\t\t\t<\/div>\n\n\t\n\n\t<div id=\"col-316528709\" class=\"col medium-6 large-6\"  >\n\t\t\t\t<div class=\"col-inner\"  >\n\t\t\t\n\t\t\t\n\n<div style=\"width: 1020px;\" class=\"wp-video\"><video class=\"wp-video-shortcode\" id=\"video-1059-5\" width=\"1020\" height=\"574\" preload=\"metadata\" controls=\"controls\"><source type=\"video\/mp4\" src=\"https:\/\/sivo.rs\/wp-content\/uploads\/2020\/06\/BEO-Shopping-centar-tv-reklama.mp4?_=5\" \/><a href=\"https:\/\/sivo.rs\/wp-content\/uploads\/2020\/06\/BEO-Shopping-centar-tv-reklama.mp4\">https:\/\/sivo.rs\/wp-content\/uploads\/2020\/06\/BEO-Shopping-centar-tv-reklama.mp4<\/a><\/video><\/div>\n<p class=\"uppercase\"><span style=\"color: #000000;\">1000 ZA\u0160TO, 1 BEO<\/span><\/p>\n<h2 class=\"project-title\">CONFLUENCE <\/h2>\n<p>Kampanjom za otvaranje BEO shopping centra trebalo je da istaknemo sve prednosti novog objekta i da se potpuno odvojimo od konkurencije. <\/p>\n<a href=\"https:\/\/sivo.rs\/1000-zasto-1-beo\/\" target=\"_self\" class=\"button primary is-small\"  style=\"border-radius:7px;\">\n    <span>Vi\u0161e o kampanji<\/span>\n  <\/a>\n\n\n\n\t\t<\/div>\n\t\t\t\t\t<\/div>\n\n\t\n\n\t<div id=\"col-914491048\" class=\"col medium-6 large-6\"  >\n\t\t\t\t<div class=\"col-inner\"  >\n\t\t\t\n\t\t\t\n\n<p><img loading=\"lazy\" decoding=\"async\" class=\"projectimg alignnone wp-image-1490 size-full\" src=\"https:\/\/sivo.rs\/wp-content\/uploads\/2020\/03\/400x300.png\" alt=\"\" width=\"400\" height=\"300\" srcset=\"https:\/\/sivo.rs\/wp-content\/uploads\/2020\/03\/400x300.png 400w, https:\/\/sivo.rs\/wp-content\/uploads\/2020\/03\/400x300-300x225.png 300w\" sizes=\"auto, (max-width: 400px) 100vw, 400px\" \/><\/p>\n<p class=\"uppercase\"><span style=\"color: #000000;\">PO\u0160ALJI PORUKU KOJA OBARA S NOGU<\/span><\/p>\n<h2 class=\"project-title\">MARS<\/h2>\n<p>Znamo da nije uvek lako pokazati ljubav, zbog toga smo u okviru Orbit kampanje \u201eSjaj koji privla\u010di\u201c osmislili platformu koja je imala cilj da nas podr\u017ei i ohrabri u nameri da poka\u017eemo ljubav na jedinstven na\u010din. <\/p>\n<a href=\"https:\/\/sivo.rs\/posalji-poruku-koja-obara-s-nogu\/\" target=\"_self\" class=\"button primary is-small\"  style=\"border-radius:7px;\">\n    <span>Vi\u0161e o kampanji<\/span>\n  <\/a>\n\n\n\n\t\t<\/div>\n\t\t\t\t\t<\/div>\n\n\t\n\n\t<div id=\"col-607744599\" class=\"col medium-6 large-6\"  >\n\t\t\t\t<div class=\"col-inner\"  >\n\t\t\t\n\t\t\t\n\n<div style=\"width: 1020px;\" class=\"wp-video\"><video class=\"wp-video-shortcode\" id=\"video-1059-6\" width=\"1020\" height=\"574\" poster=\"https:\/\/sivo.rs\/wp-content\/uploads\/2019\/11\/400x300.jpg\" preload=\"metadata\" controls=\"controls\"><source type=\"video\/mp4\" src=\"https:\/\/sivo.rs\/wp-content\/uploads\/2019\/11\/Juicy_Fruit_Reveal_7sec_SRB.mp4?_=6\" \/><a href=\"https:\/\/sivo.rs\/wp-content\/uploads\/2019\/11\/Juicy_Fruit_Reveal_7sec_SRB.mp4\">https:\/\/sivo.rs\/wp-content\/uploads\/2019\/11\/Juicy_Fruit_Reveal_7sec_SRB.mp4<\/a><\/video><\/div>\n<p class=\"uppercase\"><span style=\"color: #000000;\">SO\u010cNA DA IZNEVERUJE\u0160<\/span><\/p>\n<h2 class=\"project-title\">MARS<\/h2>\n<p>Juicy Fruit \u017evake su se vratile na tr\u017ei\u0161te Balkana, a mi smo se potrudili da taj povratak bude u velikom stilu. Da izneveruje\u0161!<\/p>\n<a href=\"https:\/\/sivo.rs\/socna-da-izneverujes\/\" target=\"_self\" class=\"button primary is-small\"  style=\"border-radius:7px;\">\n    <span>Vi\u0161e o kampanji<\/span>\n  <\/a>\n\n\n\n\t\t<\/div>\n\t\t\t\t\t<\/div>\n\n\t\n\n\t<div id=\"col-132836192\" class=\"col medium-6 large-6\"  >\n\t\t\t\t<div class=\"col-inner\"  >\n\t\t\t\n\t\t\t\n\n<p><img loading=\"lazy\" decoding=\"async\" class=\"projectimg alignnone wp-image-984\" src=\"https:\/\/sivo.rs\/wp-content\/uploads\/2019\/10\/ikea.gif\" alt=\"Projekat Ikea nocni klub\" width=\"1200\" height=\"800\" \/><\/p>\n<p class=\"uppercase\"><span style=\"color: #000000;\">IKEA NO\u0106NI KLUB<\/span><\/p>\n<h2 class=\"project-title\">IKEA<\/h2>\n<p>U Srbiji, Hrvatskoj i Rumuniji organizovali smo IKEA Festival dobrog sna, pod nazivom IKEA No\u0107ni klub.<\/p>\n<a href=\"https:\/\/sivo.rs\/ikea-nocni-klub\/\" target=\"_self\" class=\"button primary is-small\"  style=\"border-radius:7px;\">\n    <span>Vi\u0161e o kampanji<\/span>\n  <\/a>\n\n\n\n\t\t<\/div>\n\t\t\t\t\t<\/div>\n\n\t\n\n\t<div id=\"col-1007080042\" class=\"col medium-6 large-6\"  >\n\t\t\t\t<div class=\"col-inner\"  >\n\t\t\t\n\t\t\t\n\n<div style=\"width: 1020px;\" class=\"wp-video\"><video class=\"wp-video-shortcode\" id=\"video-1059-7\" width=\"1020\" height=\"574\" poster=\"https:\/\/sivo.rs\/wp-content\/uploads\/2019\/10\/Kuce-Mace-2.jpg\" preload=\"none\" controls=\"controls\"><source type=\"video\/mp4\" src=\"https:\/\/sivo.rs\/wp-content\/uploads\/2019\/10\/Kuce-Mace-1.mp4?_=7\" \/><a href=\"https:\/\/sivo.rs\/wp-content\/uploads\/2019\/10\/Kuce-Mace-1.mp4\">https:\/\/sivo.rs\/wp-content\/uploads\/2019\/10\/Kuce-Mace-1.mp4<\/a><\/video><\/div>\n<p class=\"uppercase\"><span style=\"color: #000000;\">VE\u010cITI DERBI: KUCE ILI MACE<\/span><\/p>\n<h2 class=\"project-title\">MARS<\/h2>\n<p class=\"\">Svi znamo za decenijska rivalstva Zvezde i Partizana, Bitlsa i Stonsa, Rijane i Bijonse, ali jedno rivalstvo je starije od svih njih.<\/p>\n<a href=\"https:\/\/sivo.rs\/kuce-mace\/\" target=\"_self\" class=\"button primary is-small\"  style=\"border-radius:7px;\">\n    <span>Vi\u0161e o kampanji<\/span>\n  <\/a>\n\n\n\n\t\t<\/div>\n\t\t\t\t\t<\/div>\n\n\t\n\n\t<div id=\"col-859200687\" class=\"col medium-6 large-6\"  >\n\t\t\t\t<div class=\"col-inner\"  >\n\t\t\t\n\t\t\t\n\n<p class=\"uppercase\"><span style=\"color: #000000;\"><img loading=\"lazy\" decoding=\"async\" class=\"projectimg alignnone wp-image-1272 size-full\" src=\"https:\/\/sivo.rs\/wp-content\/uploads\/2019\/10\/12.png\" alt=\"Projekat Ko je reko da je Ikea daleko\" width=\"400\" height=\"300\" srcset=\"https:\/\/sivo.rs\/wp-content\/uploads\/2019\/10\/12.png 400w, https:\/\/sivo.rs\/wp-content\/uploads\/2019\/10\/12-300x225.png 300w\" sizes=\"auto, (max-width: 400px) 100vw, 400px\" \/>KO JE REK\u2019O DA JE IKEA DALEKO?<\/span><\/p>\n<h2 class=\"project-title\">IKEA<\/h2>\n<p>Kod velikog broja Beogra\u0111ana stvorena je percepcija da je robna ku\u0107a IKEA daleko i da se do nje te\u0161ko sti\u017ee.<\/p>\n<a href=\"https:\/\/sivo.rs\/ikea-ko-je-reko-da-je-ikea-daleko\/\" target=\"_self\" class=\"button primary is-small\"  style=\"border-radius:7px;\">\n    <span>Vi\u0161e o kampanji<\/span>\n  <\/a>\n\n\n\n\t\t<\/div>\n\t\t\t\t\t<\/div>\n\n\t\n\n\t<div id=\"col-281441897\" class=\"col medium-6 large-6\"  >\n\t\t\t\t<div class=\"col-inner\"  >\n\t\t\t\n\t\t\t\n\n<div style=\"width: 1020px;\" class=\"wp-video\"><video class=\"wp-video-shortcode\" id=\"video-1059-8\" width=\"1020\" height=\"574\" poster=\"https:\/\/sivo.rs\/wp-content\/uploads\/2019\/10\/Maltesers-2.png\" preload=\"none\" controls=\"controls\"><source type=\"video\/mp4\" src=\"https:\/\/sivo.rs\/wp-content\/uploads\/2019\/10\/Maltesers-1.mp4?_=8\" \/><a href=\"https:\/\/sivo.rs\/wp-content\/uploads\/2019\/10\/Maltesers-1.mp4\">https:\/\/sivo.rs\/wp-content\/uploads\/2019\/10\/Maltesers-1.mp4<\/a><\/video><\/div>\n<p class=\"uppercase\"><span style=\"color: #000000;\">PROBAJ. LAKO JE.<\/span><\/p>\n<h2 class=\"project-title\">MARS<\/h2>\n<p class=\"\">Maltesers \u010dokoladne kuglice prvi put su do\u0161le na na\u0161e tr\u017ei\u0161te.<\/p>\n<a href=\"https:\/\/sivo.rs\/maltesers\/\" target=\"_self\" class=\"button primary is-small\"  style=\"border-radius:7px;\">\n    <span>Vi\u0161e o kampanji<\/span>\n  <\/a>\n\n\n\n\t\t<\/div>\n\t\t\t\t\t<\/div>\n\n\t\n\n\t<div id=\"col-822134589\" class=\"col medium-6 large-6\"  >\n\t\t\t\t<div class=\"col-inner\"  >\n\t\t\t\n\t\t\t\n\n<div style=\"width: 1020px;\" class=\"wp-video\"><video class=\"wp-video-shortcode\" id=\"video-1059-9\" width=\"1020\" height=\"574\" poster=\"https:\/\/sivo.rs\/wp-content\/uploads\/2019\/10\/MMs-Basket-2.jpg\" preload=\"none\" controls=\"controls\"><source type=\"video\/mp4\" src=\"https:\/\/sivo.rs\/wp-content\/uploads\/2019\/10\/MMs-Basket-1.mp4?_=9\" \/><a href=\"https:\/\/sivo.rs\/wp-content\/uploads\/2019\/10\/MMs-Basket-1.mp4\">https:\/\/sivo.rs\/wp-content\/uploads\/2019\/10\/MMs-Basket-1.mp4<\/a><\/video><\/div>\n<p class=\"uppercase\"><span style=\"color: #000000;\">NAVIJAJ UZ M&amp;M\u2019s<\/span><\/p>\n<h2 class=\"project-title\">MARS<\/h2>\n<p class=\"\">Zadatak je bio da brend m&amp;m\u2019s dodatno pozicioniramo kao slatki\u0161 koji se konzumira u prilikama kao \u0161to je dru\u017eenje sa prijateljima i gledanje televizije.<\/p>\n<a href=\"https:\/\/sivo.rs\/mms-basket\/\" target=\"_self\" class=\"button primary is-small\"  style=\"border-radius:7px;\">\n    <span>Vi\u0161e o kampanji<\/span>\n  <\/a>\n\n\n\n\t\t<\/div>\n\t\t\t\t\t<\/div>\n\n\t\n\n\t<div id=\"col-177468136\" class=\"col medium-6 large-6\"  >\n\t\t\t\t<div class=\"col-inner\"  >\n\t\t\t\n\t\t\t\n\n<div style=\"width: 1020px;\" class=\"wp-video\"><video class=\"wp-video-shortcode\" id=\"video-1059-10\" width=\"1020\" height=\"574\" poster=\"https:\/\/sivo.rs\/wp-content\/uploads\/2019\/10\/MRZO4.jpg\" preload=\"none\" controls=\"controls\"><source type=\"video\/mp4\" src=\"https:\/\/sivo.rs\/wp-content\/uploads\/2019\/10\/MRZO1.mp4?_=10\" \/><a href=\"https:\/\/sivo.rs\/wp-content\/uploads\/2019\/10\/MRZO1.mp4\">https:\/\/sivo.rs\/wp-content\/uploads\/2019\/10\/MRZO1.mp4<\/a><\/video><\/div>\n<p class=\"uppercase\"><span style=\"color: #000000;\">MILIONI RAZLOGA ZA OSMEH<\/span><\/p>\n<h2 class=\"project-title\">MARS<\/h2>\n<p class=\"\">Za Orbit ve\u0107 dugo radimo veliki broj nagradnih igara koje realizujemo na razli\u010ditim tr\u017ei\u0161tima u regionu.<\/p>\n<a href=\"https:\/\/sivo.rs\/milioni-razloga-za-osmeh\/\" target=\"_self\" class=\"button primary is-small\"  style=\"border-radius:7px;\">\n    <span>Vi\u0161e o kampanji<\/span>\n  <\/a>\n\n\n\n\t\t<\/div>\n\t\t\t\t\t<\/div>\n\n\t\n\n\t<div id=\"col-1834451495\" class=\"col medium-6 large-6\"  >\n\t\t\t\t<div class=\"col-inner\"  >\n\t\t\t\n\t\t\t\n\n<div style=\"width: 1020px;\" class=\"wp-video\"><video class=\"wp-video-shortcode\" id=\"video-1059-11\" width=\"1020\" height=\"574\" poster=\"https:\/\/sivo.rs\/wp-content\/uploads\/2019\/10\/ikea-slava-min.png\" preload=\"none\" controls=\"controls\"><source type=\"video\/mp4\" src=\"https:\/\/sivo.rs\/wp-content\/uploads\/2019\/10\/IKEA-Slave.mp4?_=11\" \/><a href=\"https:\/\/sivo.rs\/wp-content\/uploads\/2019\/10\/IKEA-Slave.mp4\">https:\/\/sivo.rs\/wp-content\/uploads\/2019\/10\/IKEA-Slave.mp4<\/a><\/video><\/div>\n<p class=\"uppercase\"><span style=\"color: #000000;\">NAPRAVI SLAVU O KOJOJ SE PRI\u010cA<\/span><\/p>\n<h2 class=\"project-title\">IKEA<\/h2>\n<p class=\"\">Period slava je prilika da se IKEA dodatno pribli\u017ei potro\u0161a\u010dima u na\u0161oj zemlji, da se poka\u017ee koliko je njena ponuda prakti\u010dna, povoljna i namenjena \u0161irokoj ciljnoj grupi.<\/p>\n<a href=\"https:\/\/sivo.rs\/ikea-napravi-slavu-o-kojoj-se-prica\/\" target=\"_self\" class=\"button primary is-small\"  style=\"border-radius:7px;\">\n    <span>Vi\u0161e o kampanji<\/span>\n  <\/a>\n\n\n\n\t\t<\/div>\n\t\t\t\t\t<\/div>\n\n\t\n\n\t<div id=\"col-1679486426\" class=\"col medium-6 large-6\"  >\n\t\t\t\t<div class=\"col-inner\"  >\n\t\t\t\n\t\t\t\n\n<div style=\"width: 1020px;\" class=\"wp-video\"><video class=\"wp-video-shortcode\" id=\"video-1059-12\" width=\"1020\" height=\"574\" poster=\"https:\/\/sivo.rs\/wp-content\/uploads\/2019\/10\/Blam-1.jpg\" preload=\"none\" controls=\"controls\"><source type=\"video\/mp4\" src=\"https:\/\/sivo.rs\/wp-content\/uploads\/2019\/10\/Blam-7.mp4?_=12\" \/><a href=\"https:\/\/sivo.rs\/wp-content\/uploads\/2019\/10\/Blam-7.mp4\">https:\/\/sivo.rs\/wp-content\/uploads\/2019\/10\/Blam-7.mp4<\/a><\/video><\/div>\n<p class=\"uppercase\"><span style=\"color: #000000;\">BLAM CHALLENGE<\/span><\/p>\n<h2 class=\"project-title\">MARS<\/h2>\n<p class=\"\">\u0160kolski blamovi su ono \u010dega se svi se\u0107amo &#8211; rado ili nerado.<\/p>\n<a href=\"https:\/\/sivo.rs\/snickers-blam-challenge\/\" target=\"_self\" class=\"button primary is-small\"  style=\"border-radius:7px;\">\n    <span>Vi\u0161e o kampanji<\/span>\n  <\/a>\n\n\n\n\t\t<\/div>\n\t\t\t\t\t<\/div>\n\n\t\n\n\t<div id=\"col-1524157682\" class=\"col medium-6 large-6\"  >\n\t\t\t\t<div class=\"col-inner\"  >\n\t\t\t\n\t\t\t\n\n<div style=\"width: 1020px;\" class=\"wp-video\"><video class=\"wp-video-shortcode\" id=\"video-1059-13\" width=\"1020\" height=\"574\" poster=\"https:\/\/sivo.rs\/wp-content\/uploads\/2019\/10\/reebok-min.png\" preload=\"none\" controls=\"controls\"><source type=\"video\/mp4\" src=\"https:\/\/sivo.rs\/wp-content\/uploads\/2019\/10\/Reebok-new.mp4?_=13\" \/><a href=\"https:\/\/sivo.rs\/wp-content\/uploads\/2019\/10\/Reebok-new.mp4\">https:\/\/sivo.rs\/wp-content\/uploads\/2019\/10\/Reebok-new.mp4<\/a><\/video><\/div>\n<p class=\"uppercase\"><span style=\"color: #000000;\">ALWAYS TRAINING<\/span><\/p>\n<h2 class=\"project-title\">REEBOK<\/h2>\n<p class=\"\">Povodom lansiranja globalne Reebok kampanje Always training, kreirali smo video sa popularnom glumicom Ninom Seni\u010dar u glavnoj ulozi.<\/p>\n<a href=\"https:\/\/sivo.rs\/reebok\/\" target=\"_self\" class=\"button primary is-small\"  style=\"border-radius:7px;\">\n    <span>Vi\u0161e o kampanji<\/span>\n  <\/a>\n\n\n\n\t\t<\/div>\n\t\t\t\t\t<\/div>\n\n\t\n\n\t<div id=\"col-1373801391\" class=\"col medium-6 large-6\"  >\n\t\t\t\t<div class=\"col-inner\"  >\n\t\t\t\n\t\t\t\n\n<div style=\"width: 1020px;\" class=\"wp-video\"><video class=\"wp-video-shortcode\" id=\"video-1059-14\" width=\"1020\" height=\"574\" poster=\"https:\/\/sivo.rs\/wp-content\/uploads\/2019\/10\/scene00251.png\" preload=\"none\" controls=\"controls\"><source type=\"video\/mp4\" src=\"https:\/\/sivo.rs\/wp-content\/uploads\/2019\/10\/media.io_Orbit-Prize-game_sivo.mp4?_=14\" \/><a href=\"https:\/\/sivo.rs\/wp-content\/uploads\/2019\/10\/media.io_Orbit-Prize-game_sivo.mp4\">https:\/\/sivo.rs\/wp-content\/uploads\/2019\/10\/media.io_Orbit-Prize-game_sivo.mp4<\/a><\/video><\/div>\n<p class=\"uppercase\"><span style=\"color: #000000;\">KUPI ORBIT I OSVOJI<\/span><\/p>\n<h2 class=\"project-title\">MARS<\/h2>\n<p class=\"\">U okviru globalne kampanje \u201cVreme je da zablista\u0161\u201d brenda Orbit, osmislili smo nagradnu igru i organizovali je na pet tr\u017ei\u0161ta regiona.<\/p>\n<a href=\"https:\/\/sivo.rs\/mars-kupi-orbit-i-osvoji\/\" target=\"_self\" class=\"button primary is-small\"  style=\"border-radius:7px;\">\n    <span>Vi\u0161e o kampanji<\/span>\n  <\/a>\n\n\n\n\t\t<\/div>\n\t\t\t\t\t<\/div>\n\n\t\n\n\t<div id=\"col-648118075\" class=\"col medium-6 large-6\"  >\n\t\t\t\t<div class=\"col-inner\"  >\n\t\t\t\n\t\t\t\n\n<div style=\"width: 1020px;\" class=\"wp-video\"><video class=\"wp-video-shortcode\" id=\"video-1059-15\" width=\"1020\" height=\"574\" poster=\"https:\/\/sivo.rs\/wp-content\/uploads\/2019\/10\/scene00051.png\" preload=\"none\" controls=\"controls\"><source type=\"video\/mp4\" src=\"https:\/\/sivo.rs\/wp-content\/uploads\/2019\/10\/SR-Event-Geozavod.mp4?_=15\" \/><a href=\"https:\/\/sivo.rs\/wp-content\/uploads\/2019\/10\/SR-Event-Geozavod.mp4\">https:\/\/sivo.rs\/wp-content\/uploads\/2019\/10\/SR-Event-Geozavod.mp4<\/a><\/video><\/div>\n<p class=\"uppercase\"><span style=\"color: #000000;\">LANSIRANJE PROJEKTA THE RESIDENCES AT THE ST. REGIS BELGRADE<\/span><\/p>\n<h2 class=\"project-title\">St.Regis<\/h2>\n<p class=\"\">Dolazak \u010duvenog brenda St.Regis u na\u0161u zemlju obele\u017eili smo velikim eventom, u kom smo promovisali projekat The Residences at the St. Regis Belgrade.<\/p>\n<a href=\"https:\/\/sivo.rs\/st-regis-lansiranje-projekta-the-residences-at-the-st-regis-belgrade\/\" target=\"_self\" class=\"button primary is-small\"  style=\"border-radius:7px;\">\n    <span>Vi\u0161e o kampanji<\/span>\n  <\/a>\n\n\n\n\t\t<\/div>\n\t\t\t\t\t<\/div>\n\n\t\n\n\t<div id=\"col-1462879926\" class=\"col medium-6 large-6\"  >\n\t\t\t\t<div class=\"col-inner\"  >\n\t\t\t\n\t\t\t\n\n<p><img loading=\"lazy\" decoding=\"async\" width=\"1579\" height=\"1080\" class=\"projectimg alignnone wp-image-288 size-medium\" src=\"https:\/\/sivo.rs\/wp-content\/uploads\/2019\/10\/Beko-1-Large.jpg\" alt=\"Projekat Beko-Barselona\" srcset=\"https:\/\/sivo.rs\/wp-content\/uploads\/2019\/10\/Beko-1-Large.jpg 1579w, https:\/\/sivo.rs\/wp-content\/uploads\/2019\/10\/Beko-1-Large-300x205.jpg 300w, https:\/\/sivo.rs\/wp-content\/uploads\/2019\/10\/Beko-1-Large-768x525.jpg 768w, https:\/\/sivo.rs\/wp-content\/uploads\/2019\/10\/Beko-1-Large-1024x700.jpg 1024w\" sizes=\"auto, (max-width: 1579px) 100vw, 1579px\" \/><\/p>\n<p class=\"uppercase\"><span style=\"color: #000000;\">U DRU\u0160TVU \u0160AMPIONA<\/span><\/p>\n<h2 class=\"project-title\">BEKO<\/h2>\n<p class=\"\">Zadatak je bio da pobolj\u0161amo imid\u017e Beko brenda kao premium partnera Fudbalskog kluba Barselona.<\/p>\n<a href=\"https:\/\/sivo.rs\/beko-u-drustvu-sampiona\/\" target=\"_self\" class=\"button primary is-small\"  style=\"border-radius:5px;\">\n    <span>Vi\u0161e o kampanji<\/span>\n  <\/a>\n\n\n\n\t\t<\/div>\n\t\t\t\t\t<\/div>\n\n\t\n\n\t<div id=\"col-992296919\" class=\"col medium-6 large-6\"  >\n\t\t\t\t<div class=\"col-inner\"  >\n\t\t\t\n\t\t\t\n\n<div style=\"width: 1020px;\" class=\"wp-video\"><video class=\"wp-video-shortcode\" id=\"video-1059-16\" width=\"1020\" height=\"574\" poster=\"https:\/\/sivo.rs\/wp-content\/uploads\/2019\/10\/ovs-min.png\" preload=\"none\" controls=\"controls\"><source type=\"video\/mp4\" src=\"https:\/\/sivo.rs\/wp-content\/uploads\/2019\/10\/OVS-Delta-City-Opening-new.mp4?_=16\" \/><a href=\"https:\/\/sivo.rs\/wp-content\/uploads\/2019\/10\/OVS-Delta-City-Opening-new.mp4\">https:\/\/sivo.rs\/wp-content\/uploads\/2019\/10\/OVS-Delta-City-Opening-new.mp4<\/a><\/video><\/div>\n<p class=\"uppercase\"><span style=\"color: #000000;\">OTVARANJE OVIESSE KIDS RADNJE<\/span><\/p>\n<h2 class=\"project-title\">OVIESSE<\/h2>\n<p class=\"\">Otvaranje de\u010dije radnje brenda Oviesse u TC Delta City bilo je jedno od najupe\u010datljivijih u OVS mre\u017ei.<\/p>\n<a href=\"https:\/\/sivo.rs\/ovs\/\" target=\"_self\" class=\"button primary is-small\"  style=\"border-radius:7px;\">\n    <span>Vi\u0161e o kampanji<\/span>\n  <\/a>\n\n\n\n\t\t<\/div>\n\t\t\t\t\t<\/div>\n\n\t\n\n\t<div id=\"col-1031115498\" class=\"col medium-6 large-6\"  >\n\t\t\t\t<div class=\"col-inner\"  >\n\t\t\t\n\t\t\t\n\n<p><img loading=\"lazy\" decoding=\"async\" class=\"projectimg-vertical alignnone wp-image-314 size-full\" src=\"https:\/\/sivo.rs\/wp-content\/uploads\/2019\/10\/Mercedes1.jpg\" alt=\"Projekat Mercedes Neovlasceni servis\" width=\"1200\" height=\"1697\" srcset=\"https:\/\/sivo.rs\/wp-content\/uploads\/2019\/10\/Mercedes1.jpg 1200w, https:\/\/sivo.rs\/wp-content\/uploads\/2019\/10\/Mercedes1-212x300.jpg 212w, https:\/\/sivo.rs\/wp-content\/uploads\/2019\/10\/Mercedes1-768x1086.jpg 768w, https:\/\/sivo.rs\/wp-content\/uploads\/2019\/10\/Mercedes1-724x1024.jpg 724w\" sizes=\"auto, (max-width: 1200px) 100vw, 1200px\" \/><\/p>\n<p class=\"uppercase\"><span style=\"color: #000000;\">NEOVLA\u0160\u0106ENI SERVIS MO\u017dE BITI OPASAN<\/span><\/p>\n<h2 class=\"project-title\">MERCEDES<\/h2>\n<p class=\"\">Brend Mercedes je \u017eeleo da promovi\u0161e kori\u0161\u0107enje ovla\u0161\u0107enih servisa za odr\u017eavanje vozila.<\/p>\n<a href=\"https:\/\/sivo.rs\/mercedes\/\" target=\"_self\" class=\"button primary is-small\"  style=\"border-radius:7px;\">\n    <span>Vi\u0161e o kampanji<\/span>\n  <\/a>\n\n\n\n\t\t<\/div>\n\t\t\t\t\t<\/div>\n\n\t\n\n<\/div>\n\n\t\t<\/div>\n\n\t\t\n<style>\n#section_77543319 {\n  padding-top: 0px;\n  padding-bottom: 0px;\n}\n#section_77543319 .ux-shape-divider--top svg {\n  height: 150px;\n  --divider-top-width: 100%;\n}\n#section_77543319 .ux-shape-divider--bottom svg {\n  height: 150px;\n  --divider-width: 100%;\n}\n<\/style>\n\t<\/section>\n\t\n\n","protected":false},"excerpt":{"rendered":"","protected":false},"author":1,"featured_media":0,"parent":0,"menu_order":0,"comment_status":"closed","ping_status":"closed","template":"page-blank.php","meta":{"footnotes":""},"class_list":["post-1059","page","type-page","status-publish","hentry"],"yoast_head":"<!-- This site is optimized with the Yoast SEO plugin v27.4 - https:\/\/yoast.com\/product\/yoast-seo-wordpress\/ -->\n<title>Work<\/title>\n<meta name=\"robots\" content=\"index, follow, max-snippet:-1, max-image-preview:large, max-video-preview:-1\" \/>\n<link rel=\"canonical\" href=\"https:\/\/sivo.rs\/en\/work\/\" \/>\n<meta property=\"og:locale\" content=\"en_US\" \/>\n<meta property=\"og:type\" content=\"article\" \/>\n<meta property=\"og:title\" content=\"Work\" \/>\n<meta property=\"og:url\" content=\"https:\/\/sivo.rs\/en\/work\/\" \/>\n<meta property=\"article:publisher\" content=\"https:\/\/www.facebook.com\/SivoBeograd\/\" \/>\n<meta property=\"article:modified_time\" content=\"2023-03-30T09:06:22+00:00\" \/>\n<meta property=\"og:image\" content=\"https:\/\/sivo.rs\/wp-content\/uploads\/2019\/10\/STRANA-TRZISTA-1024x691.jpg\" \/>\n<meta name=\"twitter:card\" content=\"summary_large_image\" \/>\n<meta name=\"twitter:label1\" content=\"Est. reading time\" \/>\n\t<meta name=\"twitter:data1\" content=\"8 minutes\" \/>\n<script type=\"application\/ld+json\" class=\"yoast-schema-graph\">{\"@context\":\"https:\\\/\\\/schema.org\",\"@graph\":[{\"@type\":\"WebPage\",\"@id\":\"https:\\\/\\\/sivo.rs\\\/en\\\/work\\\/\",\"url\":\"https:\\\/\\\/sivo.rs\\\/en\\\/work\\\/\",\"name\":\"Work\",\"isPartOf\":{\"@id\":\"https:\\\/\\\/sivo.rs\\\/en\\\/#website\"},\"primaryImageOfPage\":{\"@id\":\"https:\\\/\\\/sivo.rs\\\/en\\\/work\\\/#primaryimage\"},\"image\":{\"@id\":\"https:\\\/\\\/sivo.rs\\\/en\\\/work\\\/#primaryimage\"},\"thumbnailUrl\":\"https:\\\/\\\/sivo.rs\\\/wp-content\\\/uploads\\\/2019\\\/10\\\/STRANA-TRZISTA-1024x691.jpg\",\"datePublished\":\"2019-07-25T13:22:42+00:00\",\"dateModified\":\"2023-03-30T09:06:22+00:00\",\"breadcrumb\":{\"@id\":\"https:\\\/\\\/sivo.rs\\\/en\\\/work\\\/#breadcrumb\"},\"inLanguage\":\"en-US\",\"potentialAction\":[{\"@type\":\"ReadAction\",\"target\":[\"https:\\\/\\\/sivo.rs\\\/en\\\/work\\\/\"]}]},{\"@type\":\"ImageObject\",\"inLanguage\":\"en-US\",\"@id\":\"https:\\\/\\\/sivo.rs\\\/en\\\/work\\\/#primaryimage\",\"url\":\"https:\\\/\\\/sivo.rs\\\/wp-content\\\/uploads\\\/2019\\\/10\\\/STRANA-TRZISTA-1024x691.jpg\",\"contentUrl\":\"https:\\\/\\\/sivo.rs\\\/wp-content\\\/uploads\\\/2019\\\/10\\\/STRANA-TRZISTA-1024x691.jpg\"},{\"@type\":\"BreadcrumbList\",\"@id\":\"https:\\\/\\\/sivo.rs\\\/en\\\/work\\\/#breadcrumb\",\"itemListElement\":[{\"@type\":\"ListItem\",\"position\":1,\"name\":\"Home\",\"item\":\"https:\\\/\\\/sivo.rs\\\/en\\\/\"},{\"@type\":\"ListItem\",\"position\":2,\"name\":\"Work\"}]},{\"@type\":\"WebSite\",\"@id\":\"https:\\\/\\\/sivo.rs\\\/en\\\/#website\",\"url\":\"https:\\\/\\\/sivo.rs\\\/en\\\/\",\"name\":\"\",\"description\":\"\",\"publisher\":{\"@id\":\"https:\\\/\\\/sivo.rs\\\/en\\\/#organization\"},\"potentialAction\":[{\"@type\":\"SearchAction\",\"target\":{\"@type\":\"EntryPoint\",\"urlTemplate\":\"https:\\\/\\\/sivo.rs\\\/en\\\/?s={search_term_string}\"},\"query-input\":{\"@type\":\"PropertyValueSpecification\",\"valueRequired\":true,\"valueName\":\"search_term_string\"}}],\"inLanguage\":\"en-US\"},{\"@type\":\"Organization\",\"@id\":\"https:\\\/\\\/sivo.rs\\\/en\\\/#organization\",\"name\":\"SIVO DOO\",\"url\":\"https:\\\/\\\/sivo.rs\\\/en\\\/\",\"logo\":{\"@type\":\"ImageObject\",\"inLanguage\":\"en-US\",\"@id\":\"https:\\\/\\\/sivo.rs\\\/en\\\/#\\\/schema\\\/logo\\\/image\\\/\",\"url\":\"https:\\\/\\\/sivo.rs\\\/wp-content\\\/uploads\\\/2019\\\/10\\\/LOGO.png\",\"contentUrl\":\"https:\\\/\\\/sivo.rs\\\/wp-content\\\/uploads\\\/2019\\\/10\\\/LOGO.png\",\"width\":87,\"height\":153,\"caption\":\"SIVO DOO\"},\"image\":{\"@id\":\"https:\\\/\\\/sivo.rs\\\/en\\\/#\\\/schema\\\/logo\\\/image\\\/\"},\"sameAs\":[\"https:\\\/\\\/www.facebook.com\\\/SivoBeograd\\\/\",\"https:\\\/\\\/www.instagram.com\\\/sivobeograd\\\/\",\"https:\\\/\\\/www.linkedin.com\\\/company\\\/sivo-beograd\\\/about\\\/\"]}]}<\/script>\n<!-- \/ Yoast SEO plugin. -->","yoast_head_json":{"title":"Work","robots":{"index":"index","follow":"follow","max-snippet":"max-snippet:-1","max-image-preview":"max-image-preview:large","max-video-preview":"max-video-preview:-1"},"canonical":"https:\/\/sivo.rs\/en\/work\/","og_locale":"en_US","og_type":"article","og_title":"Work","og_url":"https:\/\/sivo.rs\/en\/work\/","article_publisher":"https:\/\/www.facebook.com\/SivoBeograd\/","article_modified_time":"2023-03-30T09:06:22+00:00","og_image":[{"url":"https:\/\/sivo.rs\/wp-content\/uploads\/2019\/10\/STRANA-TRZISTA-1024x691.jpg","type":"","width":"","height":""}],"twitter_card":"summary_large_image","twitter_misc":{"Est. reading time":"8 minutes"},"schema":{"@context":"https:\/\/schema.org","@graph":[{"@type":"WebPage","@id":"https:\/\/sivo.rs\/en\/work\/","url":"https:\/\/sivo.rs\/en\/work\/","name":"Work","isPartOf":{"@id":"https:\/\/sivo.rs\/en\/#website"},"primaryImageOfPage":{"@id":"https:\/\/sivo.rs\/en\/work\/#primaryimage"},"image":{"@id":"https:\/\/sivo.rs\/en\/work\/#primaryimage"},"thumbnailUrl":"https:\/\/sivo.rs\/wp-content\/uploads\/2019\/10\/STRANA-TRZISTA-1024x691.jpg","datePublished":"2019-07-25T13:22:42+00:00","dateModified":"2023-03-30T09:06:22+00:00","breadcrumb":{"@id":"https:\/\/sivo.rs\/en\/work\/#breadcrumb"},"inLanguage":"en-US","potentialAction":[{"@type":"ReadAction","target":["https:\/\/sivo.rs\/en\/work\/"]}]},{"@type":"ImageObject","inLanguage":"en-US","@id":"https:\/\/sivo.rs\/en\/work\/#primaryimage","url":"https:\/\/sivo.rs\/wp-content\/uploads\/2019\/10\/STRANA-TRZISTA-1024x691.jpg","contentUrl":"https:\/\/sivo.rs\/wp-content\/uploads\/2019\/10\/STRANA-TRZISTA-1024x691.jpg"},{"@type":"BreadcrumbList","@id":"https:\/\/sivo.rs\/en\/work\/#breadcrumb","itemListElement":[{"@type":"ListItem","position":1,"name":"Home","item":"https:\/\/sivo.rs\/en\/"},{"@type":"ListItem","position":2,"name":"Work"}]},{"@type":"WebSite","@id":"https:\/\/sivo.rs\/en\/#website","url":"https:\/\/sivo.rs\/en\/","name":"","description":"","publisher":{"@id":"https:\/\/sivo.rs\/en\/#organization"},"potentialAction":[{"@type":"SearchAction","target":{"@type":"EntryPoint","urlTemplate":"https:\/\/sivo.rs\/en\/?s={search_term_string}"},"query-input":{"@type":"PropertyValueSpecification","valueRequired":true,"valueName":"search_term_string"}}],"inLanguage":"en-US"},{"@type":"Organization","@id":"https:\/\/sivo.rs\/en\/#organization","name":"SIVO DOO","url":"https:\/\/sivo.rs\/en\/","logo":{"@type":"ImageObject","inLanguage":"en-US","@id":"https:\/\/sivo.rs\/en\/#\/schema\/logo\/image\/","url":"https:\/\/sivo.rs\/wp-content\/uploads\/2019\/10\/LOGO.png","contentUrl":"https:\/\/sivo.rs\/wp-content\/uploads\/2019\/10\/LOGO.png","width":87,"height":153,"caption":"SIVO DOO"},"image":{"@id":"https:\/\/sivo.rs\/en\/#\/schema\/logo\/image\/"},"sameAs":["https:\/\/www.facebook.com\/SivoBeograd\/","https:\/\/www.instagram.com\/sivobeograd\/","https:\/\/www.linkedin.com\/company\/sivo-beograd\/about\/"]}]}},"_links":{"self":[{"href":"https:\/\/sivo.rs\/en\/wp-json\/wp\/v2\/pages\/1059","targetHints":{"allow":["GET"]}}],"collection":[{"href":"https:\/\/sivo.rs\/en\/wp-json\/wp\/v2\/pages"}],"about":[{"href":"https:\/\/sivo.rs\/en\/wp-json\/wp\/v2\/types\/page"}],"author":[{"embeddable":true,"href":"https:\/\/sivo.rs\/en\/wp-json\/wp\/v2\/users\/1"}],"replies":[{"embeddable":true,"href":"https:\/\/sivo.rs\/en\/wp-json\/wp\/v2\/comments?post=1059"}],"version-history":[{"count":50,"href":"https:\/\/sivo.rs\/en\/wp-json\/wp\/v2\/pages\/1059\/revisions"}],"predecessor-version":[{"id":4376,"href":"https:\/\/sivo.rs\/en\/wp-json\/wp\/v2\/pages\/1059\/revisions\/4376"}],"wp:attachment":[{"href":"https:\/\/sivo.rs\/en\/wp-json\/wp\/v2\/media?parent=1059"}],"curies":[{"name":"wp","href":"https:\/\/api.w.org\/{rel}","templated":true}]}}